{"id":5827,"date":"2024-10-24T11:34:03","date_gmt":"2024-10-24T11:34:03","guid":{"rendered":"https:\/\/www.hub2.io\/?page_id=5827"},"modified":"2024-10-24T11:48:21","modified_gmt":"2024-10-24T11:48:21","slug":"privacy-policy-france-v2","status":"publish","type":"page","link":"https:\/\/hub2.io\/fr\/privacy-policy-france-v2\/","title":{"rendered":"Privacy Policy &#8211; France v2"},"content":{"rendered":"<p>[et_pb_section fb_built=\u00a0\u00bb1&Prime; _builder_version=\u00a0\u00bb4.19.5&Prime; _module_preset=\u00a0\u00bbdefault\u00a0\u00bb background_color=\u00a0\u00bb#000000&Prime; background_image=\u00a0\u00bbhttps:\/\/hub2.io\/wp-content\/uploads\/2023\/02\/7.jpg\u00a0\u00bb custom_padding=\u00a0\u00bb||||false|false\u00a0\u00bb da_disable_devices=\u00a0\u00bboff|off|off\u00a0\u00bb locked=\u00a0\u00bboff\u00a0\u00bb global_colors_info=\u00a0\u00bb{}\u00a0\u00bb da_is_popup=\u00a0\u00bboff\u00a0\u00bb da_exit_intent=\u00a0\u00bboff\u00a0\u00bb da_has_close=\u00a0\u00bbon\u00a0\u00bb da_alt_close=\u00a0\u00bboff\u00a0\u00bb da_dark_close=\u00a0\u00bboff\u00a0\u00bb da_not_modal=\u00a0\u00bbon\u00a0\u00bb da_is_singular=\u00a0\u00bboff\u00a0\u00bb da_with_loader=\u00a0\u00bboff\u00a0\u00bb da_has_shadow=\u00a0\u00bbon\u00a0\u00bb][et_pb_row _builder_version=\u00a0\u00bb4.19.5&Prime; _module_preset=\u00a0\u00bbdefault\u00a0\u00bb positioning=\u00a0\u00bbnone\u00a0\u00bb position_origin_a=\u00a0\u00bbcenter_center\u00a0\u00bb width=\u00a0\u00bb90%\u00a0\u00bb max_width=\u00a0\u00bb1200px\u00a0\u00bb custom_margin=\u00a0\u00bb|auto||auto|false|false\u00a0\u00bb custom_padding=\u00a0\u00bb||||false|false\u00a0\u00bb locked=\u00a0\u00bboff\u00a0\u00bb global_colors_info=\u00a0\u00bb{}\u00a0\u00bb][et_pb_column type=\u00a0\u00bb4_4&Prime; _builder_version=\u00a0\u00bb4.16.0&Prime; _module_preset=\u00a0\u00bbdefault\u00a0\u00bb global_colors_info=\u00a0\u00bb{}\u00a0\u00bb][et_pb_text _builder_version=\u00a0\u00bb4.20.2&Prime; _module_preset=\u00a0\u00bbdefault\u00a0\u00bb header_font=\u00a0\u00bbisidora-bold|700||on|||||\u00a0\u00bb header_text_color=\u00a0\u00bbgcid-93ab73df-d172-435e-98c1-fd273bb802f2&Prime; header_font_size=\u00a0\u00bb80px\u00a0\u00bb header_line_height=\u00a0\u00bb1.2em\u00a0\u00bb custom_margin=\u00a0\u00bb||0px||false|false\u00a0\u00bb global_colors_info=\u00a0\u00bb{%22gcid-93ab73df-d172-435e-98c1-fd273bb802f2%22:%91%22header_text_color%22%93}\u00a0\u00bb]<\/p>\n<h1>Politique de confidentialit\u00e9, RGPD &#8211; France<\/h1>\n<p>[\/et_pb_text][et_pb_text _builder_version=\u00a0\u00bb4.27.2&Prime; _module_preset=\u00a0\u00bbdefault\u00a0\u00bb text_text_color=\u00a0\u00bb#FFFFFF\u00a0\u00bb text_font_size=\u00a0\u00bb20px\u00a0\u00bb custom_padding=\u00a0\u00bb0px|||||\u00a0\u00bb global_colors_info=\u00a0\u00bb{}\u00a0\u00bb]<\/p>\n<p>Derni\u00e8re mise \u00e0 jour : 24 octobre 2024<\/p>\n<p>[\/et_pb_text][\/et_pb_column][\/et_pb_row][\/et_pb_section][et_pb_section fb_built=\u00a0\u00bb1&Prime; _builder_version=\u00a0\u00bb4.19.5&Prime; _module_preset=\u00a0\u00bbdefault\u00a0\u00bb background_color=\u00a0\u00bb#000000&Prime; custom_padding=\u00a0\u00bb||||false|false\u00a0\u00bb da_disable_devices=\u00a0\u00bboff|off|off\u00a0\u00bb global_colors_info=\u00a0\u00bb{}\u00a0\u00bb da_is_popup=\u00a0\u00bboff\u00a0\u00bb da_exit_intent=\u00a0\u00bboff\u00a0\u00bb da_has_close=\u00a0\u00bbon\u00a0\u00bb da_alt_close=\u00a0\u00bboff\u00a0\u00bb da_dark_close=\u00a0\u00bboff\u00a0\u00bb da_not_modal=\u00a0\u00bbon\u00a0\u00bb da_is_singular=\u00a0\u00bboff\u00a0\u00bb da_with_loader=\u00a0\u00bboff\u00a0\u00bb da_has_shadow=\u00a0\u00bbon\u00a0\u00bb][et_pb_row _builder_version=\u00a0\u00bb4.19.5&Prime; _module_preset=\u00a0\u00bbdefault\u00a0\u00bb width=\u00a0\u00bb90%\u00a0\u00bb max_width=\u00a0\u00bb1200px\u00a0\u00bb custom_margin=\u00a0\u00bb5px|auto||auto||\u00a0\u00bb custom_padding=\u00a0\u00bb0px|||||\u00a0\u00bb global_colors_info=\u00a0\u00bb{}\u00a0\u00bb][et_pb_column type=\u00a0\u00bb4_4&Prime; _builder_version=\u00a0\u00bb4.19.5&Prime; _module_preset=\u00a0\u00bbdefault\u00a0\u00bb global_colors_info=\u00a0\u00bb{}\u00a0\u00bb][et_pb_text _builder_version=\u00a0\u00bb4.20.2&Prime; _module_preset=\u00a0\u00bbdefault\u00a0\u00bb text_text_color=\u00a0\u00bb#FFFFFF\u00a0\u00bb text_font_size=\u00a0\u00bb17px\u00a0\u00bb text_line_height=\u00a0\u00bb1.8em\u00a0\u00bb ul_line_height=\u00a0\u00bb1.7em\u00a0\u00bb header_text_color=\u00a0\u00bbgcid-93ab73df-d172-435e-98c1-fd273bb802f2&Prime; header_2_text_color=\u00a0\u00bbgcid-a587cb3d-13b1-4f31-86dc-a78ca70c59cc\u00a0\u00bb global_colors_info=\u00a0\u00bb{%22gcid-93ab73df-d172-435e-98c1-fd273bb802f2%22:%91%22header_text_color%22%93,%22gcid-a587cb3d-13b1-4f31-86dc-a78ca70c59cc%22:%91%22header_2_text_color%22%93}\u00a0\u00bb]<\/p>\n<p style=\"line-height: 100%; margin-top: 0.49cm; margin-bottom: 0.49cm;\">CONNEKT4 est une soci\u00e9t\u00e9 \u00e0 actions simplifi\u00e9e fran\u00e7aise dont le si\u00e8ge est situ\u00e9 20, rue Maxime Rivi\u00e8re \u2013 Le Village By CA \u2013 Parc Technor 97490 Sainte Clotilde \u2013 Ile de La R\u00e9union \u2013 France. Elle attache une grande importance \u00e0 la protection des Donn\u00e9es \u00e0 caract\u00e8re personnel qu\u2019elle a \u00e0 collecter et traiter en tant que responsable de traitement, dans le cadre de son activit\u00e9.<\/p>\n<p style=\"line-height: 100%; margin-top: 0.49cm; margin-bottom: 0.49cm;\">Ainsi, la collecte et le Traitement des Donn\u00e9es \u00e0 caract\u00e8re personnel effectu\u00e9s par CONNEKT4 dans le cadre de l\u2019exploitation de son activit\u00e9 et de l\u2019utilisation de ses produits ou services (ensemble les \u00ab\u00a0Produits ou Services\u00a0\u00bb), le site Internet d\u2019information ou de communication que CONNEKT4 exploite \u00e0 l\u2019adresse\u00a0<a href=\"http:\/\/hub2-io-website-btfmhydbcnhffxf5.francecentral-01.azurewebsites.net\/\">hub2-io-website-btfmhydbcnhffxf5.francecentral-01.azurewebsites.net<\/a>, ses bases de donn\u00e9es, sont r\u00e9gis par la pr\u00e9sente politique de protection des donn\u00e9es (ci-apr\u00e8s d\u00e9sign\u00e9e la \u00ab\u00a0Politique\u00a0\u00bb).<\/p>\n<p style=\"line-height: 100%; margin-top: 0.49cm; margin-bottom: 0.49cm;\">L\u2019ensemble des Traitements de Donn\u00e9es personnelles mis en \u0153uvre dans le cadre des Services accessibles respecte la r\u00e9glementation applicable en mati\u00e8re de protection des donn\u00e9es personnelles et notamment les dispositions de la loi \u00ab\u00a0Informatique et libert\u00e9s\u00a0\u00bb du 6 janvier 1978 modifi\u00e9e et le R\u00e8glement g\u00e9n\u00e9ral sur la Protection des donn\u00e9es (R\u00e8glement UE 2016\/679) (\u00ab\u00a0RGPD\u00a0\u00bb).<\/p>\n<p style=\"line-height: 100%; margin-top: 0.49cm; margin-bottom: 0.49cm;\">Afin de veiller \u00e0 la bonne application de ces r\u00e8gles, CONNEKT4 a d\u00e9sign\u00e9 un d\u00e9l\u00e9gu\u00e9 \u00e0 la protection des donn\u00e9es qui est le relais privil\u00e9gi\u00e9 de la Commission nationale de l\u2019informatique et des libert\u00e9s (\u00ab\u00a0CNIL\u00a0\u00bb). CONNEKT4 met \u00e9galement en \u0153uvre les proc\u00e9dures internes ad\u00e9quates afin de sensibiliser ses employ\u00e9s et d\u2019assurer le respect de ces r\u00e8gles au sein de son organisation.<\/p>\n<p style=\"line-height: 100%; margin-top: 0.49cm; margin-bottom: 0.49cm;\">Cette Politique a pour but de pr\u00e9senter aux Personnes concern\u00e9es telles que d\u00e9finies ci-apr\u00e8s\u00a0:<\/p>\n<ul>\n<li>\n<p style=\"line-height: 100%; margin-top: 0.49cm; margin-bottom: 0cm;\">la mani\u00e8re dont CONNEKT4 traite les Donn\u00e9es \u00e0 caract\u00e8re personnel, telles que d\u00e9finies ci-apr\u00e8s, qu\u2019elle collecte et que les Personnes concern\u00e9es, telles que d\u00e9finies ci-apr\u00e8s, fournissent avec leur consentement ou sur le fondement de toute autre base l\u00e9gale pour permettre la fourniture des Produits ou Services de CONNEKT4 notamment\u00a0;<\/p>\n<\/li>\n<li>\n<p style=\"line-height: 100%; margin-bottom: 0cm;\">les droits des Personnes concern\u00e9es\u00a0;<\/p>\n<\/li>\n<li>\n<p style=\"line-height: 100%; margin-bottom: 0.49cm;\">les \u00e9ventuels b\u00e9n\u00e9ficiaires d\u2019un transfert de donn\u00e9es.<\/p>\n<\/li>\n<\/ul>\n<p style=\"line-height: 100%; margin-top: 0.49cm; margin-bottom: 0.49cm;\">Les Personnes concern\u00e9es sont ainsi invit\u00e9es \u00e0 lire attentivement la pr\u00e9sente Politique pour conna\u00eetre et comprendre les pratiques de CONNEKT4 quant aux Traitements des Donn\u00e9es \u00e0 caract\u00e8re personnel que CONNEKT4 met en \u0153uvre.<\/p>\n<p style=\"line-height: 100%; margin-top: 0.49cm; margin-bottom: 0.49cm;\">\n<h1 class=\"western\" style=\"margin-top: 0cm; page-break-before: always;\"><a name=\"_heading=h.h6lq9rgmr9vn\"><\/a> D\u00e9finitions<\/h1>\n<p align=\"justify\" style=\"line-height: 100%; margin-top: 0.49cm; margin-bottom: 0.49cm;\">Les termes employ\u00e9s avec une majuscule ont la d\u00e9finition qui leur est donn\u00e9e ci-apr\u00e8s. Les termes ont la m\u00eame d\u00e9finition qu\u2019ils soient employ\u00e9s au singulier ou au pluriel.<\/p>\n<ul>\n<li>\n<p align=\"justify\" style=\"line-height: 100%; margin-top: 0.49cm; margin-bottom: 0cm;\">\u00ab\u00a0<span style=\"color: #3f3f3f;\"><b>Donn\u00e9es \u00e0 caract\u00e8re personnel<\/b><\/span>\u00a0\u00bb ou \u00ab\u00a0<span style=\"color: #3f3f3f;\"><b>Donn\u00e9es<\/b><\/span>\u00a0<b>personnelles<\/b>\u00a0\u00bb d\u00e9signent toute information se rapportant \u00e0 une personne physique identifi\u00e9e ou identifiable.<\/p>\n<\/li>\n<li>\n<p align=\"justify\" style=\"line-height: 100%; margin-bottom: 0cm;\">\u00ab\u00a0<span style=\"color: #3f3f3f;\"><b>Personne(s) concern\u00e9e(s)<\/b><\/span>\u00a0\u00bb d\u00e9signe une personne physique qui peut \u00eatre identifi\u00e9e, directement ou indirectement, notamment par r\u00e9f\u00e9rence \u00e0 un identifiant, tel qu\u2019un nom, un num\u00e9ro d\u2019identification, des donn\u00e9es de localisation, un identifiant en ligne, ou \u00e0 un ou plusieurs \u00e9l\u00e9ments sp\u00e9cifiques propres \u00e0 son identit\u00e9 physique, physiologique, g\u00e9n\u00e9tique, psychique, \u00e9conomique, culturelle ou sociale.<\/p>\n<\/li>\n<li>\n<p align=\"justify\" style=\"line-height: 100%; margin-bottom: 0cm;\">\u00ab\u00a0<span style=\"color: #3f3f3f;\"><b>Responsable du traitement<\/b><\/span>\u00a0\u00bb d\u00e9signe CONNEKT4 qui est la personne morale qui, seule ou conjointement avec d\u2019autres, d\u00e9termine les finalit\u00e9s et les moyens du traitement.<\/p>\n<\/li>\n<li>\n<p align=\"justify\" style=\"line-height: 100%; margin-bottom: 0cm;\">\u00ab\u00a0<span style=\"color: #3f3f3f;\"><b>Service<\/b><\/span>\u00a0\u00bb d\u00e9signe les services fournis par CONNEKT4.<\/p>\n<\/li>\n<li>\n<p align=\"justify\" style=\"line-height: 100%; margin-bottom: 0cm;\">\u00ab\u00a0<span style=\"color: #3f3f3f;\"><b>Site<\/b><\/span>\u00a0\u00bb d\u00e9signe l\u2019ensemble des pages web et des ressources li\u00e9es accessibles \u00e0 l\u2019adresse\u00a0<a href=\"https:\/\/hub2.io\/\"><span style=\"color: #0000ff;\"><u>https:\/\/hub2.io\/<\/u><\/span><\/a><\/p>\n<\/li>\n<li>\n<p align=\"justify\" style=\"line-height: 100%; margin-bottom: 0.49cm;\">\u00ab\u00a0<span style=\"color: #3f3f3f;\"><b>Traitement<\/b><\/span>\u00a0\u00bb d\u00e9signe toute op\u00e9ration ou tout ensemble d\u2019op\u00e9rations effectu\u00e9es ou non \u00e0 l\u2019aide de proc\u00e9d\u00e9s automatis\u00e9s et appliqu\u00e9es \u00e0 des donn\u00e9es ou des ensembles de donn\u00e9es \u00e0 caract\u00e8re personnel, telles que la collecte, l\u2019enregistrement, l\u2019organisation, la structuration, la conservation, l\u2019adaptation ou la modification, l\u2019extraction, la consultation, l\u2019utilisation, la communication par transmission, la diffusion ou toute autre forme de mise \u00e0 disposition, le rapprochement ou l\u2019interconnexion, la limitation, l\u2019effacement ou la destruction.<\/p>\n<\/li>\n<\/ul>\n<h1 class=\"western\" align=\"justify\" style=\"line-height: 100%;\"><a name=\"_heading=h.ed994213fvam\"><\/a> 1. Quels sont les engagements de CONNEKT4 en mati\u00e8re de protection des Donn\u00e9es personnelles\u00a0?<\/h1>\n<p align=\"justify\" style=\"line-height: 100%; margin-top: 0.49cm; margin-bottom: 0.49cm;\">CONNEKT4 s\u2019engage \u00e0 garantir un niveau de protection \u00e9lev\u00e9 des Donn\u00e9es personnelles des Personnes concern\u00e9es qui utilisent le Site et autres Produits ou Services et de toute autre personne dont elle traite les Donn\u00e9es \u00e0 caract\u00e8re personnel. CONNEKT4 s\u2019engage \u00e0 respecter la r\u00e9glementation applicable (notamment les articles 5 et 6 du RGPD) \u00e0 l\u2019ensemble des Traitements de Donn\u00e9es \u00e0 caract\u00e8re personnel qu\u2019elle met en \u0153uvre. Plus particuli\u00e8rement, CONNEKT4 s\u2019engage notamment \u00e0 respecter les principes suivants\u00a0:<\/p>\n<ul>\n<li>\n<p align=\"justify\" style=\"line-height: 100%; margin-top: 0.49cm; margin-bottom: 0cm;\">les Donn\u00e9es \u00e0 caract\u00e8re personnel sont trait\u00e9es de mani\u00e8re licite, loyale et transparente (lic\u00e9it\u00e9, loyaut\u00e9, transparence)\u00a0;<\/p>\n<\/li>\n<li>\n<p align=\"justify\" style=\"line-height: 100%; margin-bottom: 0cm;\">les Donn\u00e9es \u00e0 caract\u00e8re personnel sont collect\u00e9es pour des finalit\u00e9s d\u00e9termin\u00e9es, explicites et l\u00e9gitimes, et ne sont pas trait\u00e9es ult\u00e9rieurement d\u2019une mani\u00e8re incompatible avec ces finalit\u00e9s (limitation des finalit\u00e9s)\u00a0;<\/p>\n<\/li>\n<li>\n<p align=\"justify\" style=\"line-height: 100%; margin-bottom: 0cm;\">les Donn\u00e9es \u00e0 caract\u00e8re personnel sont conserv\u00e9es de mani\u00e8re ad\u00e9quate, pertinente et sont limit\u00e9es \u00e0 ce qui est n\u00e9cessaire au regard des finalit\u00e9s pour lesquelles elles sont trait\u00e9es (minimisation des donn\u00e9es)\u00a0;<\/p>\n<\/li>\n<li>\n<p align=\"justify\" style=\"line-height: 100%; margin-bottom: 0.49cm;\">les Donn\u00e9es \u00e0 caract\u00e8re personnel sont exactes, tenues \u00e0 jour et toutes les mesures raisonnables sont prises pour que les donn\u00e9es inexactes, eu \u00e9gard aux finalit\u00e9s pour lesquelles elles sont trait\u00e9es, soient effac\u00e9es ou rectifi\u00e9es sans tarder (exactitude).<\/p>\n<\/li>\n<\/ul>\n<p align=\"justify\" style=\"line-height: 100%; margin-top: 0.49cm; margin-bottom: 0.49cm;\">CONNEKT4 met en \u0153uvre les mesures techniques et organisationnelles appropri\u00e9es afin de garantir un niveau de s\u00e9curit\u00e9 adapt\u00e9 au risque inh\u00e9rent \u00e0 ses op\u00e9rations de Traitement, r\u00e9pondre aux exigences r\u00e8glementaires et prot\u00e9ger les droits et les Donn\u00e9es \u00e0 caract\u00e8re personnel des Personnes concern\u00e9es d\u00e8s la conception des op\u00e9rations de Traitement.<\/p>\n<p align=\"justify\" style=\"line-height: 100%; margin-top: 0.49cm; margin-bottom: 0.49cm;\">Par ailleurs, CONNEKT4 impose contractuellement le m\u00eame niveau de protection des Donn\u00e9es \u00e0 caract\u00e8re personnel \u00e0 ses sous-traitants (prestataires, fournisseurs, etc.).<\/p>\n<p align=\"justify\" style=\"line-height: 100%; margin-top: 0.49cm; margin-bottom: 0.49cm;\">Enfin, CONNEKT4 s\u2019engage \u00e0 respecter tout autre principe s\u2019imposant au regard de la r\u00e9glementation applicable en mati\u00e8re de protection des Donn\u00e9es personnelles, et plus pr\u00e9cis\u00e9ment concernant les droits conf\u00e9r\u00e9s aux Personnes concern\u00e9es, les dur\u00e9es de conservation des Donn\u00e9es \u00e0 caract\u00e8re personnel ainsi que les obligations relatives aux transferts transfrontaliers de Donn\u00e9es \u00e0 caract\u00e8re personnel.<\/p>\n<h1 class=\"western\" align=\"justify\" style=\"line-height: 100%;\"><a name=\"_heading=h.69v8skynfp5k\"><\/a> 2. Quelles sont les cat\u00e9gories de Donn\u00e9es \u00e0 caract\u00e8re personnel collect\u00e9es\u00a0?<\/h1>\n<p align=\"justify\" style=\"line-height: 100%; margin-top: 0.49cm; margin-bottom: 0.49cm;\">Dans le cadre de l\u2019utilisation de ses produits ou services ainsi que de son Site internet, plusieurs types de Donn\u00e9es \u00e0 caract\u00e8re personnel peuvent \u00eatre collect\u00e9s par CONNEKT4.<\/p>\n<p align=\"justify\" style=\"line-height: 100%; margin-top: 0.49cm; margin-bottom: 0.49cm;\">Principalement, les donn\u00e9es collect\u00e9es correspondant aux cat\u00e9gories suivantes\u00a0:<\/p>\n<ul>\n<li>\n<p align=\"justify\" style=\"line-height: 100%; page-break-inside: auto; orphans: 2; widows: 2; margin-top: 0.49cm; margin-bottom: 0cm; border: none; padding: 0cm; background: transparent; page-break-before: auto; page-break-after: auto;\"><span style=\"font-variant: normal; color: #ffffff;\"><span style=\"text-decoration: none;\"><span style=\"font-style: normal;\"><span style=\"background: transparent;\">Donn\u00e9es ordinaires et d\u2019identification (Noms et pr\u00e9noms, photo, date et lieu de naissance, num\u00e9ro de t\u00e9l\u00e9phone, num\u00e9ro de passeport ou de la Carte Nationale d\u2019Identit\u00e9, Email, liste de contacts du client, code d\u2019identification du t\u00e9l\u00e9phone, Nationalit\u00e9, lieu d\u2019\u00e9tablissement de la pi\u00e8ce d\u2019identit\u00e9\/passeport, profession, photo selfie, filiation) <\/span><\/span><\/span><\/span><\/p>\n<\/li>\n<li>\n<p align=\"justify\" style=\"line-height: 100%; page-break-inside: auto; orphans: 2; widows: 2; margin-bottom: 0cm; border: none; padding: 0cm; background: transparent; page-break-before: auto; page-break-after: auto;\"><span style=\"font-variant: normal; color: #ffffff;\"><span style=\"text-decoration: none;\"><span style=\"font-style: normal;\"><span style=\"background: transparent;\">Donn\u00e9es bancaires (Num\u00e9ro de carte bancaire, num\u00e9ro de compte mobile money) <\/span><\/span><\/span><\/span><\/p>\n<\/li>\n<li>\n<p align=\"justify\" style=\"line-height: 100%; page-break-inside: auto; orphans: 2; widows: 2; margin-bottom: 0.49cm; border: none; padding: 0cm; background: transparent; page-break-before: auto; page-break-after: auto;\"><span style=\"font-variant: normal; color: #ffffff;\"><span style=\"text-decoration: none;\"><span style=\"font-style: normal;\"><span style=\"background: transparent;\">Donn\u00e9es de localisation (adresse IP)<\/span><\/span><\/span><\/span><\/p>\n<\/li>\n<\/ul>\n<h1 class=\"western\" align=\"justify\" style=\"line-height: 100%;\"><a name=\"_heading=h.odu8oing98c7\"><\/a> 3. Moyens de collecte des Donn\u00e9es \u00e0 caract\u00e8re personnel<\/h1>\n<p align=\"justify\" style=\"line-height: 100%; margin-top: 0.49cm; margin-bottom: 0.49cm;\">Les Personnes concern\u00e9es sont susceptibles de communiquer \u00e0 CONNEKT4 leurs Donn\u00e9es \u00e0 caract\u00e8re personnel par diff\u00e9rents moyens et notamment sur le Site lors de navigations internet et par le biais des Produits ou Services, lors de la cr\u00e9ation d\u2019un compte, lors du d\u00e9p\u00f4t d\u2019une candidature, lors de tout contact avec CONNEKT4 ou lors de toute autre transmission de Donn\u00e9es \u00e0 caract\u00e8re personnel dans d\u2019autres circonstances.<\/p>\n<h1 class=\"western\" align=\"justify\" style=\"line-height: 100%;\"><a name=\"_heading=h.ho47zk3txe9m\"><\/a> 4. Finalit\u00e9s de traitements et bases juridiques<\/h1>\n<p align=\"justify\" style=\"line-height: 100%; margin-top: 0.49cm; margin-bottom: 0.49cm;\">Les finalit\u00e9s des Traitement(s) de Donn\u00e9es \u00e0 caract\u00e8re personnel effectu\u00e9s par CONNEKT4 reposent sur les bases l\u00e9gales suivantes\u00a0: l\u2019ex\u00e9cution contractuelle, le consentement des Personnes concern\u00e9es, les obligations l\u00e9gales et r\u00e8glementaires de CONNEKT4, son int\u00e9r\u00eat l\u00e9gitime.<\/p>\n<p align=\"justify\" style=\"line-height: 100%; margin-top: 0.49cm; margin-bottom: 0.49cm;\">Les finalit\u00e9s associ\u00e9es \u00e0 chaque base l\u00e9gale sont list\u00e9es ci-dessous.<\/p>\n<p align=\"justify\" style=\"line-height: 100%; margin-top: 0.49cm; margin-bottom: 0.49cm;\">En se fondant sur l\u2019ex\u00e9cution des mesures pr\u00e9contractuelles prises \u00e0 la demande des Personnes concern\u00e9es et\/ou sur l\u2019ex\u00e9cution du contrat qu\u2019elles ont souscrit, CONNEKT4 met en \u0153uvre des Traitements poursuivant les finalit\u00e9s suivantes\u00a0:<\/p>\n<ul>\n<li>\n<p align=\"justify\" style=\"line-height: 100%; margin-top: 0.49cm; margin-bottom: 0cm;\">la gestion de la relation des utilisateurs du Site avec CONNEKT4, en ce incluant notamment\u00a0:<\/p>\n<\/li>\n<li>\n<p align=\"justify\" style=\"line-height: 100%; margin-bottom: 0cm;\">la cr\u00e9ation d\u2019un compte utilisateur\u00a0;<\/p>\n<\/li>\n<li>\n<p align=\"justify\" style=\"line-height: 100%; margin-bottom: 0cm;\">l\u2019utilisation du site et des services qu\u2019il propose\u00a0;<\/p>\n<\/li>\n<li>\n<p align=\"justify\" style=\"line-height: 100%; margin-bottom: 0.49cm;\">la gestion des communications et le suivi des \u00e9changes avec les utilisateurs.<\/p>\n<\/li>\n<\/ul>\n<p align=\"justify\" style=\"line-height: 100%; margin-top: 0.49cm; margin-bottom: 0.49cm;\">En se fondant sur le respect de ses obligations l\u00e9gales et r\u00e8glementaires, CONNEKT4 met en \u0153uvre des Traitements poursuivant les finalit\u00e9s suivantes\u00a0:<\/p>\n<ul>\n<li>\n<p align=\"justify\" style=\"line-height: 100%; margin-top: 0.49cm; margin-bottom: 0cm;\">le d\u00e9veloppement de Produits et Service permettant \u00e0 ses utilisateurs d\u2019agr\u00e9ger des services transactionnels,<\/p>\n<\/li>\n<li>\n<p align=\"justify\" style=\"line-height: 100%; margin-bottom: 0cm;\">la gestion des r\u00e9ponses aux demandes officielles d\u2019autorit\u00e9s publiques ou judiciaires habilit\u00e9es \u00e0 cet effet\u00a0;<\/p>\n<\/li>\n<li>\n<p align=\"justify\" style=\"line-height: 100%; margin-bottom: 0cm;\">le respect de la r\u00e8glementation applicable \u00e0 notre activit\u00e9\u00a0;<\/p>\n<\/li>\n<li>\n<p align=\"justify\" style=\"line-height: 100%; margin-bottom: 0.49cm;\">la gestion des demandes d\u2019exercice de droits.<\/p>\n<\/li>\n<\/ul>\n<p align=\"justify\" style=\"line-height: 100%; margin-top: 0.49cm; margin-bottom: 0.49cm;\">En se fondant sur ses int\u00e9r\u00eats l\u00e9gitimes, CONNEKT4 met en \u0153uvre des Traitements poursuivant les finalit\u00e9s sont les suivantes\u00a0:<\/p>\n<ul>\n<li>\n<p align=\"justify\" style=\"line-height: 100%; margin-top: 0.49cm; margin-bottom: 0cm;\">le d\u00e9veloppement et l\u2019am\u00e9lioration de nouveaux Produits ou Services et offres de Produits ou Services \u00e0 ses clients\u00a0;<\/p>\n<\/li>\n<li>\n<p align=\"justify\" style=\"line-height: 100%; margin-bottom: 0cm;\">la lutte contre la fraude, les abus, en ce incluant \u00e9galement la gestion des cons\u00e9quences de cette fraude ou de ces abus\u00a0;<\/p>\n<\/li>\n<li>\n<p align=\"justify\" style=\"line-height: 100%; margin-bottom: 0cm;\">la gestion des atteintes \u00e0 la s\u00e9curit\u00e9 ou tout probl\u00e8me d\u2019ordre technique rencontr\u00e9 par les Produits ou Services\u00a0;<\/p>\n<\/li>\n<li>\n<p align=\"justify\" style=\"line-height: 100%; margin-bottom: 0cm;\">la gestion des clients ou des employ\u00e9s au sein d\u2019un groupe d\u2019entreprises \u00e0 des fins de gestion administrative interne\u00a0;<\/p>\n<\/li>\n<li>\n<p align=\"justify\" style=\"line-height: 100%; margin-bottom: 0cm;\">la gestion des demandes d\u2019information et r\u00e9clamations des utilisateurs\u00a0;<\/p>\n<\/li>\n<li>\n<p align=\"justify\" style=\"line-height: 100%; margin-bottom: 0.49cm;\">l\u2019\u00e9tablissement de tout moyen de preuve n\u00e9cessaire \u00e0 la d\u00e9fense des droits de CONNEKT4\u00a0;<\/p>\n<\/li>\n<\/ul>\n<h1 class=\"western\" align=\"justify\" style=\"line-height: 100%;\"><a name=\"_heading=h.33f3p7jd9umb\"><\/a> 5. Combien de temps les Donn\u00e9es \u00e0 caract\u00e8re personnel sont-elles conserv\u00e9es\u00a0?<\/h1>\n<p align=\"justify\" style=\"line-height: 100%; margin-top: 0.49cm; margin-bottom: 0.49cm;\">CONNEKT4 s\u2019engage \u00e0 conserver les Donn\u00e9es \u00e0 caract\u00e8re personnel des Personnes concern\u00e9es pour une dur\u00e9e n\u2019exc\u00e9dant pas celle n\u00e9cessaire \u00e0 l\u2019accomplissement des finalit\u00e9s pour lesquelles elles sont trait\u00e9es, augment\u00e9e du d\u00e9lai de prescription l\u00e9gale. De plus, CONNEKT4 conserve les Donn\u00e9es \u00e0 caract\u00e8re personnel des Personnes concern\u00e9es conform\u00e9ment aux dur\u00e9es de conservation impos\u00e9es par les lois applicables en vigueur, le cas \u00e9ch\u00e9ant.<\/p>\n<p align=\"justify\" style=\"line-height: 100%; margin-top: 0.49cm; margin-bottom: 0.49cm;\">Plus pr\u00e9cis\u00e9ment, CONNEKT4 organise sa politique de conservation des donn\u00e9es de la mani\u00e8re suivante\u00a0:<\/p>\n<table width=\"612\" cellpadding=\"7\" cellspacing=\"0\">\n<thead>\n<tr valign=\"bottom\">\n<td width=\"171\" bgcolor=\"#000091\" style=\"background: #000091; border: 3.00pt solid #ffffff; padding: 0cm 0.19cm;\">\n<p align=\"justify\" style=\"margin-top: 0.49cm;\"><span style=\"color: #ffffff;\"><span style=\"font-size: xx-small;\"><b>FINALITES<\/b><\/span><\/span><\/p>\n<\/td>\n<td width=\"405\" bgcolor=\"#000091\" style=\"background: #000091; border: 3.00pt solid #ffffff; padding: 0cm 0.19cm;\">\n<p align=\"justify\" style=\"margin-top: 0.49cm;\"><span style=\"color: #ffffff;\"><span style=\"font-size: xx-small;\"><b>DUR\u00c9ES DE CONSERVATIONS<\/b><\/span><\/span><\/p>\n<\/td>\n<\/tr>\n<\/thead>\n<tbody>\n<tr valign=\"top\">\n<td width=\"171\" bgcolor=\"#f5f5f5\" style=\"background: #f5f5f5; border: 3.00pt solid #ffffff; padding: 0cm 0.19cm;\">\n<p align=\"left\" style=\"margin-top: 0.49cm;\"><span style=\"color: #3f3f3f;\">Gestion de la relation des utilisateurs du Site avec CONNEKT4<\/span><\/p>\n<\/td>\n<td width=\"405\" bgcolor=\"#f5f5f5\" style=\"background: #f5f5f5; border: 3.00pt solid #ffffff; padding: 0cm 0.19cm;\">\n<p align=\"justify\" style=\"margin-top: 0.49cm; margin-bottom: 0cm;\"><span style=\"color: #666666;\">Les donn\u00e9es sont conserv\u00e9es pendant toute la dur\u00e9e de la relation contractuelle\u00a0: dur\u00e9e de vie du compte utilisateur ou dernier contact entrant (connexion ou modification \u00e0 l\u2019espace personnel), augment\u00e9e de la dur\u00e9e d\u2019acquisition des prescriptions l\u00e9gales.<\/span><\/p>\n<p align=\"justify\" style=\"margin-top: 0.49cm;\"><span style=\"color: #666666;\">Le d\u00e9lai de prescription de droit commun en mati\u00e8re civile et commerciale est de cinq (5) ans \u00e0 compter de la fin du contrat.<\/span><\/p>\n<\/td>\n<\/tr>\n<tr valign=\"top\">\n<td width=\"171\" bgcolor=\"#ebebeb\" style=\"background: #ebebeb; border: 3.00pt solid #ffffff; padding: 0cm 0.19cm;\">\n<p align=\"left\" style=\"margin-top: 0.49cm;\"><span style=\"color: #666666;\">Fourniture de Services <\/span><\/p>\n<\/td>\n<td width=\"405\" bgcolor=\"#ebebeb\" style=\"background: #ebebeb; border: 3.00pt solid #ffffff; padding: 0cm 0.19cm;\">\n<p align=\"justify\" style=\"margin-top: 0.49cm;\"><span style=\"color: #666666;\">Les donn\u00e9es sont conserv\u00e9es pendant dix (10) ans \u00e0 partir du dernier contact\u00a0entrant<\/span><\/p>\n<\/td>\n<\/tr>\n<tr valign=\"top\">\n<td width=\"171\" bgcolor=\"#ebebeb\" style=\"background: #ebebeb; border: 3.00pt solid #ffffff; padding: 0cm 0.19cm;\">\n<p align=\"left\" style=\"margin-top: 0.49cm;\"><span style=\"color: #666666;\">Gestion des demandes d\u2019exercice de droits<\/span><\/p>\n<\/td>\n<td width=\"405\" bgcolor=\"#ebebeb\" style=\"background: #ebebeb; border: 3.00pt solid #ffffff; padding: 0cm 0.19cm;\">\n<p align=\"justify\" style=\"margin-top: 0.49cm;\"><span style=\"color: #666666;\">Les donn\u00e9es sont conserv\u00e9es pendant un (1) \u00e0 dix (10) ans, selon le droit\u00a0exerc\u00e9<\/span><\/p>\n<\/td>\n<\/tr>\n<tr valign=\"top\">\n<td width=\"171\" bgcolor=\"#f5f5f5\" style=\"background: #f5f5f5; border: 3.00pt solid #ffffff; padding: 0cm 0.19cm;\">\n<p align=\"left\" style=\"margin-top: 0.49cm;\"><span style=\"color: #666666;\">Lutte contre la fraude, les abus<\/span><\/p>\n<\/td>\n<td width=\"405\" bgcolor=\"#f5f5f5\" style=\"background: #f5f5f5; border: 3.00pt solid #ffffff; padding: 0cm 0.19cm;\">\n<p align=\"justify\" style=\"margin-top: 0.49cm; margin-bottom: 0cm;\"><span style=\"color: #666666;\">Les donn\u00e9es sont susceptibles d\u2019\u00eatre conserv\u00e9es jusqu\u2019\u00e0 dix (10) ans.<\/span><\/p>\n<p align=\"justify\" style=\"margin-top: 0.49cm;\"><span style=\"color: #666666;\">Si une proc\u00e9dure judiciaire a \u00e9t\u00e9 engag\u00e9e, les donn\u00e9es sont conserv\u00e9es jusqu\u2019au terme de la proc\u00e9dure judiciaire, augment\u00e9e de la dur\u00e9e d\u2019acquisition des prescriptions l\u00e9gales.<\/span><\/p>\n<\/td>\n<\/tr>\n<tr valign=\"top\">\n<td width=\"171\" bgcolor=\"#ebebeb\" style=\"background: #ebebeb; border: 3.00pt solid #ffffff; padding: 0cm 0.19cm;\">\n<p align=\"left\" style=\"margin-top: 0.49cm;\"><span style=\"color: #666666;\">Gestion des atteintes \u00e0 la s\u00e9curit\u00e9<\/span><\/p>\n<\/td>\n<td width=\"405\" bgcolor=\"#ebebeb\" style=\"background: #ebebeb; border: 3.00pt solid #ffffff; padding: 0cm 0.19cm;\">\n<p align=\"justify\" style=\"margin-top: 0.49cm;\"><span style=\"color: #666666;\">Les traces informatiques sont conserv\u00e9es pendant treize (13) mois.<\/span><\/p>\n<\/td>\n<\/tr>\n<tr valign=\"top\">\n<td width=\"171\" bgcolor=\"#ebebeb\" style=\"background: #ebebeb; border: 3.00pt solid #ffffff; padding: 0cm 0.19cm;\">\n<p align=\"left\" style=\"margin-top: 0.49cm;\"><span style=\"color: #666666;\">Gestion des clients ou des employ\u00e9s au sein d\u2019un groupe d\u2019entreprises \u00e0 des fins de gestion administrative interne<\/span><\/p>\n<\/td>\n<td width=\"405\" bgcolor=\"#ebebeb\" style=\"background: #ebebeb; border: 3.00pt solid #ffffff; padding: 0cm 0.19cm;\">\n<p align=\"justify\" style=\"margin-top: 0.49cm; margin-bottom: 0cm;\"><span style=\"color: #666666;\">Les donn\u00e9es sont conserv\u00e9es pendant toute la dur\u00e9e de la relation contractuelle, augment\u00e9e de la dur\u00e9e d\u2019acquisition des prescriptions l\u00e9gales.\u00a0<\/span><\/p>\n<p align=\"justify\" style=\"margin-top: 0.49cm;\"><span style=\"color: #666666;\">Le d\u00e9lai de prescription de droit commun en mati\u00e8re civile et commerciale est de cinq (5) ans \u00e0 compter de la fin du contrat.<\/span><\/p>\n<\/td>\n<\/tr>\n<tr valign=\"top\">\n<td width=\"171\" bgcolor=\"#f5f5f5\" style=\"background: #f5f5f5; border: 3.00pt solid #ffffff; padding: 0cm 0.19cm;\">\n<p align=\"left\" style=\"margin-top: 0.49cm;\"><span style=\"color: #666666;\">Gestion des demandes d\u2019information et r\u00e9clamations des utilisateurs<\/span><\/p>\n<\/td>\n<td width=\"405\" bgcolor=\"#f5f5f5\" style=\"background: #f5f5f5; border: 3.00pt solid #ffffff; padding: 0cm 0.19cm;\">\n<p align=\"justify\" style=\"margin-top: 0.49cm; margin-bottom: 0cm;\"><span style=\"color: #666666;\">En cas de relation contractuelle avec CONNEKT4, les donn\u00e9es sont conserv\u00e9es pendant toute la dur\u00e9e de la relation contractuelle, augment\u00e9e de la dur\u00e9e d\u2019acquisition des prescriptions l\u00e9gales.<\/span><\/p>\n<p align=\"justify\" style=\"margin-top: 0.49cm; margin-bottom: 0.49cm;\"><span style=\"color: #666666;\">Le d\u00e9lai de prescription de droit commun en mati\u00e8re civile et commerciale est de cinq (5) ans \u00e0 compter de la fin du contrat.<\/span><\/p>\n<p align=\"justify\" style=\"margin-top: 0.49cm;\"><span style=\"color: #666666;\">En cas d\u2019absence de relation contractuelle avec CONNEKT4, les donn\u00e9es sont conserv\u00e9es pendant trois (3) ans \u00e0 partir du dernier contact entrant.<\/span><\/p>\n<\/td>\n<\/tr>\n<tr valign=\"top\">\n<td width=\"171\" bgcolor=\"#ebebeb\" style=\"background: #ebebeb; border: 3.00pt solid #ffffff; padding: 0cm 0.19cm;\">\n<p align=\"left\" style=\"margin-top: 0.49cm;\"><span style=\"color: #666666;\">\u00c9tablissement de tout moyen de preuve n\u00e9cessaire \u00e0 la d\u00e9fense des droits de CONNEKT4<\/span><\/p>\n<\/td>\n<td width=\"405\" bgcolor=\"#ebebeb\" style=\"background: #ebebeb; border: 3.00pt solid #ffffff; padding: 0cm 0.19cm;\">\n<p align=\"justify\" style=\"margin-top: 0.49cm; margin-bottom: 0cm;\"><span style=\"color: #666666;\">En cas de relation contractuelle avec CONNEKT4, les donn\u00e9es sont conserv\u00e9es pendant toute la dur\u00e9e de la relation contractuelle, augment\u00e9e de la dur\u00e9e d\u2019acquisition des prescriptions l\u00e9gales.<\/span><\/p>\n<p align=\"justify\" style=\"margin-top: 0.49cm; margin-bottom: 0.49cm;\"><span style=\"color: #666666;\">Le d\u00e9lai de prescription de droit commun en mati\u00e8re civile et commerciale est de cinq (5) ans \u00e0 compter de la fin du contrat.<\/span><\/p>\n<p align=\"justify\" style=\"margin-top: 0.49cm;\"><span style=\"color: #666666;\">En cas d\u2019absence de relation contractuelle avec CONNEKT4, les donn\u00e9es sont conserv\u00e9es pendant trois (3) ans \u00e0 partir du dernier contact entrant.<\/span><\/p>\n<\/td>\n<\/tr>\n<\/tbody>\n<\/table>\n<p style=\"line-height: 100%; margin-top: 0.49cm; margin-bottom: 0.49cm;\">\n<h1 class=\"western\"><a name=\"_heading=h.amfyxxfq3f0u\"><\/a>6. Qui est susceptible d\u2019acc\u00e9der aux Donn\u00e9es \u00e0 caract\u00e8re personnel des Personnes concern\u00e9es\u00a0?<\/h1>\n<p align=\"justify\" style=\"line-height: 100%; margin-top: 0.49cm; margin-bottom: 0.49cm;\"><span style=\"color: #00a1ab;\"><span style=\"font-size: medium;\"><b>Destinataires des Donn\u00e9es \u00e0 caract\u00e8re personnel des Personnes concern\u00e9es<\/b><\/span><\/span><\/p>\n<p align=\"justify\" style=\"line-height: 100%; margin-top: 0.49cm; margin-bottom: 0.49cm;\">Les donn\u00e9es collect\u00e9es sur le Site et Produits ou Services de CONNEKT4 et par tout autre biais sont susceptibles d\u2019\u00eatre communiqu\u00e9es au personnel habilit\u00e9 de CONNEKT4, \u00e0 ses partenaires ou \u00e0 ses prestataires de services, dans le cadre de l\u2019accomplissement de tout ou partie de prestations. CONNEKT4 rappelle que dans ce cadre, elle demande \u00e0 ses prestataires, par contrat, de mettre en place des mesures strictes de confidentialit\u00e9 et de protection de ces donn\u00e9es. Par ailleurs, CONNEKT4 peut \u00eatre tenue de fournir des informations personnelles aux autorit\u00e9s publiques fran\u00e7aises ou \u00e9trang\u00e8res habilit\u00e9es.<\/p>\n<p align=\"justify\" style=\"line-height: 100%; margin-top: 0.49cm; margin-bottom: 0.49cm;\"><span style=\"color: #00a1ab;\"><span style=\"font-size: medium;\"><b>Transferts et collectes de donn\u00e9es hors de l\u2019Union europ\u00e9enne<\/b><\/span><\/span><\/p>\n<p align=\"justify\" style=\"line-height: 100%; margin-top: 0.49cm; margin-bottom: 0.49cm;\">Certains des destinataires et exp\u00e9diteurs mentionn\u00e9s ci-dessus sont susceptibles d\u2019\u00eatre \u00e9tablis en dehors de l\u2019Union europ\u00e9enne et d\u2019avoir acc\u00e8s \u00e0 tout ou partie des informations personnelles collect\u00e9es par CONNEKT4 en raison d\u2019une habilitation l\u00e9gale sp\u00e9cifique.<\/p>\n<p align=\"justify\" style=\"line-height: 100%; margin-top: 0.49cm; margin-bottom: 0.49cm;\">Dans ce cadre, CONNEKT4 s\u2019engage \u00e0 garantir la protection des Donn\u00e9es \u00e0 caract\u00e8re personnel des Personnes concern\u00e9es conform\u00e9ment aux r\u00e8gles les plus strictes notamment \u00e0 travers la signature, au cas par cas, de clauses contractuelles bas\u00e9es sur le mod\u00e8le de la Commission europ\u00e9enne, ou tout autre m\u00e9canisme conforme au RGPD, d\u00e8s lors que les Donn\u00e9es \u00e0 caract\u00e8re personnel des Personnes concern\u00e9es sont trait\u00e9es par un prestataire en dehors de l\u2019Espace \u00e9conomique europ\u00e9en et dont le pays n\u2019est pas consid\u00e9r\u00e9 par la Commission Europ\u00e9enne comme assurant un niveau de protection ad\u00e9quat. CONNEKT4 s\u2019engage \u00e9galement \u00e0 ce que la collecte des ces donn\u00e9es soient trait\u00e9es dans les r\u00e8gles les plus strictes des pays duquel ces donn\u00e9es proviennent.<\/p>\n<p align=\"justify\" style=\"line-height: 100%; margin-top: 0.49cm; margin-bottom: 0.49cm;\">En tout \u00e9tat de cause, CONNEKT4 s\u2019engage \u00e0 informer pr\u00e9alablement les Personnes concern\u00e9es en cas de transfert ou de collecte de donn\u00e9es hors de l\u2019Union europ\u00e9enne.<\/p>\n<h1 class=\"western\" align=\"justify\" style=\"line-height: 100%;\"><a name=\"_heading=h.b7ly786w7qb3\"><\/a> 7. Comment sont exerc\u00e9s les droits reconnus aux Personnes concern\u00e9es\u00a0?<\/h1>\n<p align=\"justify\" style=\"line-height: 100%; margin-top: 0.49cm; margin-bottom: 0.49cm;\">Conform\u00e9ment au RGPD, les Personnes concern\u00e9es peuvent, \u00e0 tout moment, exercer leurs droits d\u2019acc\u00e8s, de rectification, de suppression des donn\u00e9es les concernant ainsi que leurs droits de limitation et d\u2019opposition au Traitement et \u00e0 la portabilit\u00e9 de leurs Donn\u00e9es \u00e0 caract\u00e8re personnel.<\/p>\n<p align=\"justify\" style=\"line-height: 100%; margin-top: 0.49cm; margin-bottom: 0.49cm;\">De plus, ces donn\u00e9es peuvent, en fonction des cas, \u00eatre retir\u00e9es \u00e0 n\u2019importe quel moment. CONNEKT4 cessera alors de traiter les Donn\u00e9es \u00e0 caract\u00e8re personnel des Personnes concern\u00e9es sans que les op\u00e9rations ant\u00e9rieures pour lesquelles les Personnes concern\u00e9es avaient consenti ne soient remises en cause.<\/p>\n<p align=\"justify\" style=\"line-height: 100%; margin-top: 0.49cm; margin-bottom: 0.49cm;\">Toutefois, conform\u00e9ment au r\u00e8glement sur la protection des donn\u00e9es \u00e0 caract\u00e8re personnel, les Personnes peuvent acc\u00e9der \u00e0 leurs informations personnelles qu\u2019elles nous ont communiqu\u00e9es et les modifier \u00e0 tout moment. Dans tous les cas, nous conservons les informations qui leur sont associ\u00e9es pour une dur\u00e9e de dix (10) ans maximum conform\u00e9ment \u00e0 la loi contre le blanchiment de capitaux et \u00e0 la loi contre le financement du terrorisme, pour ce qui est de la collecte de donn\u00e9es relative \u00e0 des flux financiers.<\/p>\n<p align=\"justify\" style=\"line-height: 100%; margin-top: 0.49cm; margin-bottom: 0.49cm;\">En outre, les Personnes concern\u00e9es peuvent l\u00e9galement disposer du droit de d\u00e9finir des directives post-mortem relatives \u00e0 la conservation, \u00e0 l\u2019effacement et \u00e0 la communication de leurs Donn\u00e9es \u00e0 caract\u00e8re personnel, et ce aupr\u00e8s d\u2019un tiers de confiance, certifi\u00e9 et charg\u00e9 de faire respecter leur volont\u00e9, conform\u00e9ment aux exigences du cadre juridique applicable.<\/p>\n<p align=\"justify\" style=\"line-height: 100%; margin-top: 0.49cm; margin-bottom: 0.49cm;\">Par ailleurs, toute personne mineure au moment de la collecte de ses Donn\u00e9es \u00e0 caract\u00e8re personnel peut en obtenir l\u2019effacement dans les meilleurs d\u00e9lais.<\/p>\n<p align=\"justify\" style=\"line-height: 100%; margin-top: 0.49cm; margin-bottom: 0.49cm;\">Les personnes concern\u00e9es peuvent demander \u00e0 exercer leur droit d\u2019opposition \u00e0 un Traitement de Donn\u00e9es personnelles les concernant pour des raisons tenant \u00e0 leur situation particuli\u00e8re lorsque le Traitement est fond\u00e9 sur l\u2019int\u00e9r\u00eat l\u00e9gitime de CONNEKT4. Ce droit d\u2019opposition s\u2019applique \u00e9galement au profilage.<\/p>\n<p align=\"justify\" style=\"line-height: 100%; margin-top: 0.49cm; margin-bottom: 0.49cm;\">En cas d\u2019exercice d\u2019un tel droit d\u2019opposition, CONNEKT4 cessera le traitement sauf lorsqu\u2019il existe des motifs l\u00e9gitimes et imp\u00e9rieux pour le Traitement qui pr\u00e9valent sur les int\u00e9r\u00eats, droits et libert\u00e9s des Personnes concern\u00e9es ou pour la constatation, l\u2019exercice ou la d\u00e9fense d\u2019un droit en justice.<\/p>\n<p align=\"justify\" style=\"line-height: 100%; margin-top: 0.49cm; margin-bottom: 0.49cm;\">Ces droits s\u2019exercent par courrier postal \u00e0 l\u2019adresse suivante\u00a0:<\/p>\n<p align=\"justify\" style=\"line-height: 100%; margin-top: 0.49cm; margin-bottom: 0.49cm;\">CONNEKT4, Le Village By CA, Parc Technor 97490 Sainte Clotilde, Ile de La R\u00e9union, France, ou par Email \u00e0 l\u2019adresse suivante\u00a0: <a href=\"mailto:contact@hub2.io\"><span style=\"color: #0000ff;\"><u>contact@hub2.io<\/u><\/span><\/a><\/p>\n<p align=\"justify\" style=\"line-height: 100%; margin-top: 0.49cm; margin-bottom: 0.49cm;\">Dans ce cadre, il est demand\u00e9 de bien vouloir accompagner les demandes des \u00e9l\u00e9ments n\u00e9cessaires \u00e0 l\u2019identification (nom, pr\u00e9nom, email) des Personnes concern\u00e9es ainsi que toute autre information n\u00e9cessaire \u00e0 la confirmation de leur identit\u00e9.<\/p>\n<p align=\"justify\" style=\"line-height: 100%; margin-top: 0.49cm; margin-bottom: 0.49cm;\">En cas de violation de la r\u00e8glementation applicable en mati\u00e8re de protection des Donn\u00e9es \u00e0 caract\u00e8re personnel, les Personnes concern\u00e9es disposent \u00e9galement d\u2019un droit de r\u00e9clamation aupr\u00e8s de la Commission nationale de l\u2019informatique et des libert\u00e9s sur le territoire fran\u00e7ais (3 place de Fontenoy \u2013 TSA 80715 \u2013 75334 Paris cedex 07 ; t\u00e9l.\u00a0: 01\u00a053\u00a073\u00a022\u00a022), et ce sans pr\u00e9judice de tout autre recours administratif ou juridictionnel.<\/p>\n<h1 class=\"western\" align=\"justify\" style=\"line-height: 100%;\"><a name=\"_heading=h.7kjvxaq2x62f\"><\/a> 8. S\u00e9curit\u00e9 informatique \/ s\u00e9curisation des transactions<\/h1>\n<p align=\"justify\" style=\"line-height: 100%; margin-top: 0.49cm; margin-bottom: 0.49cm;\">CONNEKT4 met en \u0153uvre toutes les mesures techniques et organisationnelles utiles, au regard de la nature, de la port\u00e9e et du contexte des Donn\u00e9es personnelles que vous nous communiquez et des risques pr\u00e9sent\u00e9s par leur Traitement, pour pr\u00e9server la s\u00e9curit\u00e9 de vos Donn\u00e9es personnelles et, notamment, emp\u00eacher toute destruction, perte, alt\u00e9ration, divulgation, intrusion ou acc\u00e8s non autoris\u00e9 \u00e0 ces donn\u00e9es, de mani\u00e8re accidentelle ou illicite.<\/p>\n<p style=\"line-height: 100%; margin-top: 0.49cm; margin-bottom: 0.49cm;\">La s\u00e9curit\u00e9 et la confidentialit\u00e9 des Donn\u00e9es \u00e0 caract\u00e8re personnel reposent sur les bonnes pratiques de chacun. C\u2019est la raison pour laquelle les Personnes concern\u00e9es sont invit\u00e9es \u00e0 ne pas communiquer leurs mots de passe \u00e0 des tiers, \u00e0 se d\u00e9connecter syst\u00e9matiquement de leur profil et de leur compte social (notamment en cas de comptes li\u00e9s) et \u00e0 fermer la fen\u00eatre de leur navigateur \u00e0 l\u2019issue de leur session de travail, particuli\u00e8rement si l\u2019acc\u00e8s \u00e0 internet se fait depuis un poste informatique partag\u00e9 avec d\u2019autres personnes.<\/p>\n<h1 class=\"western\" align=\"justify\" style=\"line-height: 100%;\"><a name=\"_heading=h.9zn5cct6l95d\"><\/a> 9. Donn\u00e9es \u00e0 caract\u00e8re personnel concernant les mineurs<\/h1>\n<p align=\"justify\" style=\"line-height: 100%; margin-top: 0.49cm; margin-bottom: 0.49cm;\">CONNEKT4 ne collecte ni ne traite de Donn\u00e9es personnelles relatives aux enfants de moins de 16 ans sans accord pr\u00e9alable des parents ou titulaires de la responsabilit\u00e9 parentale \u00e0 l\u2019\u00e9gard de l\u2019enfant.<\/p>\n<p align=\"justify\" style=\"line-height: 100%; margin-top: 0.49cm; margin-bottom: 0.49cm;\">Si des Donn\u00e9es \u00e0 caract\u00e8re personnel concernant des enfants sont collect\u00e9es via le Site de CONNEKT4 et\/ou via des Services ou Produits, les parents ou titulaires de l\u2019exercice de l\u2019autorit\u00e9 parentale ont la possibilit\u00e9 de s\u2019y opposer en contactant CONNEKT4 \u00e0 l\u2019adresse indiqu\u00e9e ci-dessus.<\/p>\n<p align=\"justify\" style=\"line-height: 100%; margin-top: 0.49cm; margin-bottom: 0.49cm;\">Par ailleurs, comme \u00e9nonc\u00e9 ci-dessus, l\u2019enfant mineur au moment de la collecte de ses Donn\u00e9es \u00e0 caract\u00e8re personnel peut en obtenir l\u2019effacement dans les meilleurs d\u00e9lais.<\/p>\n<h1 class=\"western\" align=\"justify\" style=\"line-height: 100%;\"><a name=\"_heading=h.6y8nuy1r830n\"><\/a> 10. Liens pour acc\u00e9der \u00e0 d\u2019autres sites<\/h1>\n<p align=\"justify\" style=\"line-height: 100%; margin-top: 0.49cm; margin-bottom: 0.49cm;\">Sur certaines pages du Site de CONNEKT4 il est possible de cliquer pour acc\u00e9der \u00e0 d\u2019autres sites internet d\u2019autres entreprises. CONNEKT4 recommande de lire la politique de ces sites relative au Traitement et \u00e0 la protection des Donn\u00e9es personnelles, car les conditions sur ces sites peuvent diff\u00e9rer de celles applicables sur le Site de CONNEKT4 et cette derni\u00e8re ne sera en aucun cas responsable quant au Traitement des Donn\u00e9es personnelles par ces autres sites internet.<\/p>\n<h1 class=\"western\" align=\"justify\" style=\"line-height: 100%;\"><a name=\"_heading=h.yyacwcpemydo\"><\/a> 11. Modifications<\/h1>\n<p align=\"justify\" style=\"line-height: 100%; margin-top: 0.49cm; margin-bottom: 0.49cm;\">CONNEKT4 se r\u00e9serve le droit d\u2019adapter la pr\u00e9sente Politique.<\/p>\n<p align=\"justify\" style=\"line-height: 100%; margin-top: 0.49cm; margin-bottom: 0.49cm;\">Si CONNEKT4 apporte une modification \u00e0 la pr\u00e9sente Politique, elle publiera la nouvelle version sur les supports concern\u00e9s et actualisera la date de \u00ab\u00a0derni\u00e8re mise \u00e0 jour\u00a0\u00bb figurant en haut de la pr\u00e9sente Politique.<\/p>\n<p align=\"justify\" style=\"line-height: 100%; margin-top: 0.49cm; margin-bottom: 0.49cm;\">CONNEKT4 vous invite donc \u00e0 consulter r\u00e9guli\u00e8rement les supports concern\u00e9s o\u00f9 est publi\u00e9e la Politique.<\/p>\n<p align=\"justify\" style=\"line-height: 100%; margin-top: 0.49cm; margin-bottom: 0.49cm;\">\n<p align=\"justify\" style=\"line-height: 100%; margin-top: 0.49cm; margin-bottom: 0.49cm;\">\n<p>[\/et_pb_text][\/et_pb_column][\/et_pb_row][\/et_pb_section]<\/p>\n","protected":false},"excerpt":{"rendered":"<p>Politique de confidentialit\u00e9, RGPD &#8211; FranceDerni\u00e8re mise \u00e0 jour : 24 octobre 2024CONNEKT4 est une soci\u00e9t\u00e9 \u00e0 actions simplifi\u00e9e fran\u00e7aise dont le si\u00e8ge est situ\u00e9 20, rue Maxime Rivi\u00e8re \u2013 Le Village By CA \u2013 Parc Technor 97490 Sainte Clotilde \u2013 Ile de La R\u00e9union \u2013 France. Elle attache une grande importance \u00e0 la protection [&hellip;]<\/p>\n","protected":false},"author":11,"featured_media":0,"parent":0,"menu_order":0,"comment_status":"closed","ping_status":"closed","template":"","meta":{"_acf_changed":false,"_et_pb_use_builder":"on","_et_pb_old_content":"","_et_gb_content_width":"","content-type":"","footnotes":""},"dipi_cpt_category":[],"class_list":["post-5827","page","type-page","status-publish","hentry"],"acf":[],"_links":{"self":[{"href":"https:\/\/hub2.io\/fr\/wp-json\/wp\/v2\/pages\/5827","targetHints":{"allow":["GET"]}}],"collection":[{"href":"https:\/\/hub2.io\/fr\/wp-json\/wp\/v2\/pages"}],"about":[{"href":"https:\/\/hub2.io\/fr\/wp-json\/wp\/v2\/types\/page"}],"author":[{"embeddable":true,"href":"https:\/\/hub2.io\/fr\/wp-json\/wp\/v2\/users\/11"}],"replies":[{"embeddable":true,"href":"https:\/\/hub2.io\/fr\/wp-json\/wp\/v2\/comments?post=5827"}],"version-history":[{"count":3,"href":"https:\/\/hub2.io\/fr\/wp-json\/wp\/v2\/pages\/5827\/revisions"}],"predecessor-version":[{"id":5833,"href":"https:\/\/hub2.io\/fr\/wp-json\/wp\/v2\/pages\/5827\/revisions\/5833"}],"wp:attachment":[{"href":"https:\/\/hub2.io\/fr\/wp-json\/wp\/v2\/media?parent=5827"}],"wp:term":[{"taxonomy":"dipi_cpt_category","embeddable":true,"href":"https:\/\/hub2.io\/fr\/wp-json\/wp\/v2\/dipi_cpt_category?post=5827"}],"curies":[{"name":"wp","href":"https:\/\/api.w.org\/{rel}","templated":true}]}}